{"id":406,"date":"2017-09-13T10:50:31","date_gmt":"2017-09-13T08:50:31","guid":{"rendered":"http:\/\/www.zahnarzt-zeller.de\/?page_id=406"},"modified":"2019-11-09T22:31:03","modified_gmt":"2019-11-09T20:31:03","slug":"behandlungsfaelle","status":"publish","type":"page","link":"https:\/\/www.zahnarzt-zeller.de\/?page_id=406","title":{"rendered":"Behandlungsf\u00e4lle"},"content":{"rendered":"<div id=\"ueberschrift\">ausgew\u00e4hlte Fotos von Behandlungsf\u00e4llen<\/div>\n<div>Auf dieser Seite zeigen wir verschiedene Fotos von Behandlungsf\u00e4llen.<\/div>\n<p><!-- br--><\/p>\n<div id=\"ueberschrift\">1. Festsitzender Zahnersatz<\/div>\n<div><strong>1.a. Vollkeramikbr\u00fccken<\/strong><\/div>\n<div>m\u00e4nnlicher Patient , 32 Jahre<\/div>\n<div>\n<link rel=\"stylesheet\" href=\"https:\/\/www.zahnarzt-zeller.de\/wp-content\/plugins\/gallery-theme\/themes\/gallery-theme-fotorama\/fotorama.css\">\n<script src=\"https:\/\/www.zahnarzt-zeller.de\/wp-content\/plugins\/gallery-theme\/themes\/gallery-theme-fotorama\/fotorama.js\"><\/script>\n<div class=\"fotorama\" data-width=\"700\" data-ratio=\"700\/467\" data-max-width=\"100%\" data-nav=\"thumbs\" data-keyboard=\"true\">\n\t\t<a href=\"https:\/\/www.zahnarzt-zeller.de\/wp-content\/uploads\/2017\/11\/1-Z5.jpg\"><img src=\"https:\/\/www.zahnarzt-zeller.de\/wp-content\/uploads\/2017\/11\/1-Z5-150x150.jpg\"><\/a>\n\t\t<a href=\"https:\/\/www.zahnarzt-zeller.de\/wp-content\/uploads\/2017\/11\/1-Z1.jpg\"><img src=\"https:\/\/www.zahnarzt-zeller.de\/wp-content\/uploads\/2017\/11\/1-Z1-150x150.jpg\"><\/a>\n\t\t<a href=\"https:\/\/www.zahnarzt-zeller.de\/wp-content\/uploads\/2017\/11\/1-Z2.jpg\"><img src=\"https:\/\/www.zahnarzt-zeller.de\/wp-content\/uploads\/2017\/11\/1-Z2-150x150.jpg\"><\/a>\n\t\t<a href=\"https:\/\/www.zahnarzt-zeller.de\/wp-content\/uploads\/2017\/11\/1-Z3.jpg\"><img src=\"https:\/\/www.zahnarzt-zeller.de\/wp-content\/uploads\/2017\/11\/1-Z3-150x150.jpg\"><\/a>\n\t\t<a href=\"https:\/\/www.zahnarzt-zeller.de\/wp-content\/uploads\/2017\/11\/1-Z4.jpg\"><img src=\"https:\/\/www.zahnarzt-zeller.de\/wp-content\/uploads\/2017\/11\/1-Z4-150x150.jpg\"><\/a>\n\t<\/div>\n<\/p>\n<\/div>\n<p><!-- br--><\/p>\n<div><strong>1.b. Metallkeramikbr\u00fccken &#8211; vollverblendet<\/strong><\/div>\n<div>weibliche Patientin, 35 Jahre<\/div>\n<p><!-- br--><\/p>\n<div>\n<link rel=\"stylesheet\" href=\"https:\/\/www.zahnarzt-zeller.de\/wp-content\/plugins\/gallery-theme\/themes\/gallery-theme-fotorama\/fotorama.css\">\n<script src=\"https:\/\/www.zahnarzt-zeller.de\/wp-content\/plugins\/gallery-theme\/themes\/gallery-theme-fotorama\/fotorama.js\"><\/script>\n<div class=\"fotorama\" data-width=\"700\" data-ratio=\"700\/467\" data-max-width=\"100%\" data-nav=\"thumbs\" data-keyboard=\"true\">\n\t\t<a href=\"https:\/\/www.zahnarzt-zeller.de\/wp-content\/uploads\/2017\/11\/2-H3.jpg\"><img src=\"https:\/\/www.zahnarzt-zeller.de\/wp-content\/uploads\/2017\/11\/2-H3-150x150.jpg\"><\/a>\n\t\t<a href=\"https:\/\/www.zahnarzt-zeller.de\/wp-content\/uploads\/2017\/11\/2-H2.jpg\"><img src=\"https:\/\/www.zahnarzt-zeller.de\/wp-content\/uploads\/2017\/11\/2-H2-150x150.jpg\"><\/a>\n\t\t<a href=\"https:\/\/www.zahnarzt-zeller.de\/wp-content\/uploads\/2017\/11\/2-H1.jpg\"><img src=\"https:\/\/www.zahnarzt-zeller.de\/wp-content\/uploads\/2017\/11\/2-H1-150x150.jpg\"><\/a>\n\t<\/div>\n<\/p>\n<\/div>\n<p><!-- br--><\/p>\n<div id=\"ueberschrift\">2. Kombinationsversorgung<\/div>\n<div><strong>2.a. Teleskopprothesen<\/strong><\/div>\n<div>m\u00e4nnlicher Patient, 39 Jahre<\/div>\n<p><!-- br--><\/p>\n<div>\n<link rel=\"stylesheet\" href=\"https:\/\/www.zahnarzt-zeller.de\/wp-content\/plugins\/gallery-theme\/themes\/gallery-theme-fotorama\/fotorama.css\">\n<script src=\"https:\/\/www.zahnarzt-zeller.de\/wp-content\/plugins\/gallery-theme\/themes\/gallery-theme-fotorama\/fotorama.js\"><\/script>\n<div class=\"fotorama\" data-width=\"700\" data-ratio=\"700\/467\" data-max-width=\"100%\" data-nav=\"thumbs\" data-keyboard=\"true\">\n\t\t<a href=\"https:\/\/www.zahnarzt-zeller.de\/wp-content\/uploads\/2017\/11\/3-A5.jpg\"><img src=\"https:\/\/www.zahnarzt-zeller.de\/wp-content\/uploads\/2017\/11\/3-A5-150x150.jpg\"><\/a>\n\t\t<a href=\"https:\/\/www.zahnarzt-zeller.de\/wp-content\/uploads\/2017\/11\/3-A1.jpg\"><img src=\"https:\/\/www.zahnarzt-zeller.de\/wp-content\/uploads\/2017\/11\/3-A1-150x150.jpg\"><\/a>\n\t\t<a href=\"https:\/\/www.zahnarzt-zeller.de\/wp-content\/uploads\/2017\/11\/3-A2.jpg\"><img src=\"https:\/\/www.zahnarzt-zeller.de\/wp-content\/uploads\/2017\/11\/3-A2-150x150.jpg\"><\/a>\n\t\t<a href=\"https:\/\/www.zahnarzt-zeller.de\/wp-content\/uploads\/2017\/11\/3-A3.jpg\"><img src=\"https:\/\/www.zahnarzt-zeller.de\/wp-content\/uploads\/2017\/11\/3-A3-150x150.jpg\"><\/a>\n\t\t<a href=\"https:\/\/www.zahnarzt-zeller.de\/wp-content\/uploads\/2017\/11\/3-A4.jpg\"><img src=\"https:\/\/www.zahnarzt-zeller.de\/wp-content\/uploads\/2017\/11\/3-A4-150x150.jpg\"><\/a>\n\t<\/div>\n\n<\/div>\n<div><\/div>\n<p><!-- br--><\/p>\n<div id=\"ueberschrift\">3. F\u00fcllungstherapie<\/div>\n<div>\n<link rel=\"stylesheet\" href=\"https:\/\/www.zahnarzt-zeller.de\/wp-content\/plugins\/gallery-theme\/themes\/gallery-theme-fotorama\/fotorama.css\">\n<script src=\"https:\/\/www.zahnarzt-zeller.de\/wp-content\/plugins\/gallery-theme\/themes\/gallery-theme-fotorama\/fotorama.js\"><\/script>\n<div class=\"fotorama\" data-width=\"700\" data-ratio=\"700\/467\" data-max-width=\"100%\" data-nav=\"thumbs\" data-keyboard=\"true\">\n\t\t<a href=\"https:\/\/www.zahnarzt-zeller.de\/wp-content\/uploads\/2017\/11\/4-Bild-2.jpg\"><img src=\"https:\/\/www.zahnarzt-zeller.de\/wp-content\/uploads\/2017\/11\/4-Bild-2-150x150.jpg\"><\/a>\n\t\t<a href=\"https:\/\/www.zahnarzt-zeller.de\/wp-content\/uploads\/2017\/11\/4-Bild-1.jpg\"><img src=\"https:\/\/www.zahnarzt-zeller.de\/wp-content\/uploads\/2017\/11\/4-Bild-1-150x150.jpg\"><\/a>\n\t<\/div>\n\n<\/div>\n","protected":false},"excerpt":{"rendered":"<p>ausgew\u00e4hlte Fotos von Behandlungsf\u00e4llen Auf dieser Seite zeigen wir verschiedene Fotos von Behandlungsf\u00e4llen. 1. Festsitzender Zahnersatz 1.a. Vollkeramikbr\u00fccken m\u00e4nnlicher Patient , 32 Jahre 1.b. Metallkeramikbr\u00fccken &#8211; vollverblendet weibliche Patientin, 35 Jahre 2. Kombinationsversorgung 2.a. Teleskopprothesen m\u00e4nnlicher Patient, 39 Jahre 3. &hellip; <a href=\"https:\/\/www.zahnarzt-zeller.de\/?page_id=406\">Weiterlesen <span class=\"meta-nav\">&rarr;<\/span><\/a><\/p>\n","protected":false},"author":2,"featured_media":0,"parent":0,"menu_order":6,"comment_status":"closed","ping_status":"open","template":"","meta":[],"_links":{"self":[{"href":"https:\/\/www.zahnarzt-zeller.de\/index.php?rest_route=\/wp\/v2\/pages\/406"}],"collection":[{"href":"https:\/\/www.zahnarzt-zeller.de\/index.php?rest_route=\/wp\/v2\/pages"}],"about":[{"href":"https:\/\/www.zahnarzt-zeller.de\/index.php?rest_route=\/wp\/v2\/types\/page"}],"author":[{"embeddable":true,"href":"https:\/\/www.zahnarzt-zeller.de\/index.php?rest_route=\/wp\/v2\/users\/2"}],"replies":[{"embeddable":true,"href":"https:\/\/www.zahnarzt-zeller.de\/index.php?rest_route=%2Fwp%2Fv2%2Fcomments&post=406"}],"version-history":[{"count":84,"href":"https:\/\/www.zahnarzt-zeller.de\/index.php?rest_route=\/wp\/v2\/pages\/406\/revisions"}],"predecessor-version":[{"id":810,"href":"https:\/\/www.zahnarzt-zeller.de\/index.php?rest_route=\/wp\/v2\/pages\/406\/revisions\/810"}],"wp:attachment":[{"href":"https:\/\/www.zahnarzt-zeller.de\/index.php?rest_route=%2Fwp%2Fv2%2Fmedia&parent=406"}],"curies":[{"name":"wp","href":"https:\/\/api.w.org\/{rel}","templated":true}]}}